{"id":9849,"date":"2025-03-06T08:02:01","date_gmt":"2025-03-06T08:02:01","guid":{"rendered":"https:\/\/s4ai.rs\/en\/?page_id=9849"},"modified":"2025-03-06T08:02:01","modified_gmt":"2025-03-06T08:02:01","slug":"news","status":"publish","type":"page","link":"https:\/\/s4ai.rs\/en\/news\/","title":{"rendered":"News"},"content":{"rendered":"<div class=\"wpb-content-wrapper\"><p>[vc_row][vc_column]<div id=\"wd-69f3138620706\" class=\"wd-blog-element wd-rs-67b89321e49c7 wd-wpb\"><div class=\"wd-posts wd-blog-holder wd-grid-g\" data-paged=\"1\" data-atts=\"{&quot;carousel_id&quot;:&quot;5000&quot;,&quot;speed&quot;:&quot;5000&quot;,&quot;slides_per_view&quot;:&quot;3&quot;,&quot;slides_per_view_tablet&quot;:&quot;auto&quot;,&quot;slides_per_view_mobile&quot;:&quot;auto&quot;,&quot;wrap&quot;:&quot;&quot;,&quot;loop&quot;:false,&quot;autoplay&quot;:&quot;no&quot;,&quot;autoheight&quot;:&quot;no&quot;,&quot;hide_pagination_control&quot;:&quot;&quot;,&quot;hide_pagination_control_tablet&quot;:&quot;yes&quot;,&quot;hide_pagination_control_mobile&quot;:&quot;yes&quot;,&quot;dynamic_pagination_control&quot;:&quot;no&quot;,&quot;hide_prev_next_buttons&quot;:&quot;&quot;,&quot;hide_prev_next_buttons_tablet&quot;:&quot;&quot;,&quot;hide_prev_next_buttons_mobile&quot;:&quot;&quot;,&quot;carousel_arrows_position&quot;:&quot;&quot;,&quot;hide_scrollbar&quot;:&quot;yes&quot;,&quot;hide_scrollbar_tablet&quot;:&quot;yes&quot;,&quot;hide_scrollbar_mobile&quot;:&quot;yes&quot;,&quot;scroll_per_page&quot;:&quot;yes&quot;,&quot;dragEndSpeed&quot;:200,&quot;center_mode&quot;:&quot;no&quot;,&quot;custom_sizes&quot;:&quot;&quot;,&quot;sliding_speed&quot;:false,&quot;animation&quot;:false,&quot;content_animation&quot;:false,&quot;post_type&quot;:&quot;post&quot;,&quot;slider&quot;:&quot;&quot;,&quot;library&quot;:&quot;&quot;,&quot;css&quot;:&quot;&quot;,&quot;effect&quot;:&quot;&quot;,&quot;spacing&quot;:&quot;&quot;,&quot;spacing_tablet&quot;:&quot;&quot;,&quot;spacing_mobile&quot;:&quot;&quot;,&quot;carousel_sync&quot;:&quot;&quot;,&quot;sync_parent_id&quot;:&quot;&quot;,&quot;sync_child_id&quot;:&quot;&quot;,&quot;scroll_carousel_init&quot;:&quot;no&quot;,&quot;disable_overflow_carousel&quot;:&quot;no&quot;,&quot;include&quot;:&quot;&quot;,&quot;custom_query&quot;:&quot;&quot;,&quot;taxonomies&quot;:&quot;&quot;,&quot;pagination&quot;:&quot;&quot;,&quot;parts_media&quot;:true,&quot;parts_title&quot;:&quot;1&quot;,&quot;parts_meta&quot;:&quot;0&quot;,&quot;parts_text&quot;:&quot;1&quot;,&quot;parts_btn&quot;:&quot;0&quot;,&quot;parts_published_date&quot;:true,&quot;items_per_page&quot;:12,&quot;offset&quot;:&quot;&quot;,&quot;orderby&quot;:&quot;date&quot;,&quot;order&quot;:&quot;DESC&quot;,&quot;meta_key&quot;:&quot;&quot;,&quot;exclude&quot;:&quot;&quot;,&quot;class&quot;:&quot;&quot;,&quot;ajax_page&quot;:&quot;&quot;,&quot;img_size&quot;:&quot;full&quot;,&quot;img_size_custom&quot;:[],&quot;blog_design&quot;:&quot;chess&quot;,&quot;blog_masonry&quot;:false,&quot;blog_carousel_design&quot;:&quot;masonry&quot;,&quot;blog_columns&quot;:3,&quot;blog_columns_tablet&quot;:&quot;auto&quot;,&quot;blog_columns_mobile&quot;:&quot;auto&quot;,&quot;blog_spacing&quot;:&quot;20&quot;,&quot;blog_spacing_tablet&quot;:&quot;&quot;,&quot;blog_spacing_mobile&quot;:&quot;&quot;,&quot;lazy_loading&quot;:&quot;no&quot;,&quot;search&quot;:&quot;&quot;,&quot;woodmart_css_id&quot;:&quot;67b89321e49c7&quot;,&quot;element_title&quot;:&quot;&quot;,&quot;element_title_tag&quot;:&quot;h3&quot;,&quot;inner_content&quot;:&quot;&quot;,&quot;el_id&quot;:&quot;wd-69f3138620706&quot;,&quot;el_class&quot;:&quot;&quot;,&quot;wrapper_classes&quot;:&quot;&quot;}\" data-source=\"shortcode\">\n<article id=\"post-10044\" class=\"wd-post blog-design-chess blog-post-loop blog-design-small-images blog-style-bg wd-add-shadow wd-col post-10044 post type-post status-publish format-standard has-post-thumbnail hentry category-news\">\n\t<div class=\"wd-post-inner article-inner\">\n\t\t\t\t\t<div class=\"wd-post-thumb entry-header\">\n\t\t\t\t\t\t\t\t\t<div class=\"wd-post-img post-img-wrapp\">\n\t\t\t\t\t\t<img loading=\"lazy\" decoding=\"async\" width=\"1200\" height=\"675\" src=\"https:\/\/s4ai.rs\/wp-content\/uploads\/2026\/03\/varsava1cover.jpg\" class=\"attachment-full size-full\" alt=\"\" srcset=\"https:\/\/s4ai.rs\/wp-content\/uploads\/2026\/03\/varsava1cover.jpg 1200w, https:\/\/s4ai.rs\/wp-content\/uploads\/2026\/03\/varsava1cover-400x225.jpg 400w, https:\/\/s4ai.rs\/wp-content\/uploads\/2026\/03\/varsava1cover-768x432.jpg 768w\" sizes=\"auto, (max-width: 1200px) 100vw, 1200px\" \/>\t\t\t\t\t<\/div>\n\t\t\t\t\t<a class=\"wd-fill\" href=\"https:\/\/s4ai.rs\/en\/s4ai-hub-members-at-the-accelerating-autonomy-with-european-frontiers-event-in-warsaw\/\"><\/a>\n\t\t\t\t\n\t\t\t\t\t\t\t\t\t\t\t\t<div class=\"wd-post-date wd-style-with-bg\">\n\t\t\t\t<span class=\"post-date-day\">\n\t\t\t\t\t20\t\t\t\t<\/span>\n\t\t\t\t<span class=\"post-date-month\">\n\t\t\t\t\tMar\t\t\t\t<\/span>\n\t\t\t<\/div>\n\t\t\t\t\t\t\t\t\t<\/div>\n\t\t\n\t\t<div class=\"wd-post-content article-body-container\">\n\t\t\t\n\t\t\t\t\t\t\t<h3 class=\"wd-post-title wd-entities-title title post-title\">\n\t\t\t\t\t<a href=\"https:\/\/s4ai.rs\/en\/s4ai-hub-members-at-the-accelerating-autonomy-with-european-frontiers-event-in-warsaw\/\" rel=\"bookmark\">S4AI Hub Members at the \u201cAccelerating Autonomy with European Frontiers\u201d Event in Warsaw<\/a>\n\t\t\t\t<\/h3>\n\t\t\t\n\t\t\t\n\t\t\t\t\t\t\t\t\t\t\t\t<div class=\"wd-post-excerpt entry-content\">\n\t\t\t\t\t\tFrom March 10 to 12, S4AI Hub members participated in the international event Accelerating Autonomy with European Frontiers, held in Wa...\t\t\t\t\t<\/div>\n\t\t\t\t\n\t\t\t\t\t\t\t\t\t<\/div>\n\t<\/div>\n<\/article>\n\n\n<article id=\"post-10038\" class=\"wd-post blog-design-chess blog-post-loop blog-design-small-images blog-style-bg wd-add-shadow wd-col post-10038 post type-post status-publish format-standard has-post-thumbnail hentry category-news\">\n\t<div class=\"wd-post-inner article-inner\">\n\t\t\t\t\t<div class=\"wd-post-thumb entry-header\">\n\t\t\t\t\t\t\t\t\t<div class=\"wd-post-img post-img-wrapp\">\n\t\t\t\t\t\t<img loading=\"lazy\" decoding=\"async\" width=\"1200\" height=\"675\" src=\"https:\/\/s4ai.rs\/wp-content\/uploads\/2026\/02\/IMG_1534.jpg\" class=\"attachment-full size-full\" alt=\"\" srcset=\"https:\/\/s4ai.rs\/wp-content\/uploads\/2026\/02\/IMG_1534.jpg 1200w, https:\/\/s4ai.rs\/wp-content\/uploads\/2026\/02\/IMG_1534-400x225.jpg 400w, https:\/\/s4ai.rs\/wp-content\/uploads\/2026\/02\/IMG_1534-768x432.jpg 768w\" sizes=\"auto, (max-width: 1200px) 100vw, 1200px\" \/>\t\t\t\t\t<\/div>\n\t\t\t\t\t<a class=\"wd-fill\" href=\"https:\/\/s4ai.rs\/en\/s4ai-hub-at-the-kopaonik-business-forum-industrial-transformation-starts-with-small-steps\/\"><\/a>\n\t\t\t\t\n\t\t\t\t\t\t\t\t\t\t\t\t<div class=\"wd-post-date wd-style-with-bg\">\n\t\t\t\t<span class=\"post-date-day\">\n\t\t\t\t\t05\t\t\t\t<\/span>\n\t\t\t\t<span class=\"post-date-month\">\n\t\t\t\t\tMar\t\t\t\t<\/span>\n\t\t\t<\/div>\n\t\t\t\t\t\t\t\t\t<\/div>\n\t\t\n\t\t<div class=\"wd-post-content article-body-container\">\n\t\t\t\n\t\t\t\t\t\t\t<h3 class=\"wd-post-title wd-entities-title title post-title\">\n\t\t\t\t\t<a href=\"https:\/\/s4ai.rs\/en\/s4ai-hub-at-the-kopaonik-business-forum-industrial-transformation-starts-with-small-steps\/\" rel=\"bookmark\">S4AI HUB at the Kopaonik Business Forum: Industrial Transformation Starts with Small Steps<\/a>\n\t\t\t\t<\/h3>\n\t\t\t\n\t\t\t\n\t\t\t\t\t\t\t\t\t\t\t\t<div class=\"wd-post-excerpt entry-content\">\n\t\t\t\t\t\tAt the 33rd Kopaonik Business Forum, the most significant economic event in Serbia and the region, a panel titled \u201cTransforming Industr...\t\t\t\t\t<\/div>\n\t\t\t\t\n\t\t\t\t\t\t\t\t\t<\/div>\n\t<\/div>\n<\/article>\n\n\n<article id=\"post-10030\" class=\"wd-post blog-design-chess blog-post-loop blog-design-small-images blog-style-bg wd-add-shadow wd-col post-10030 post type-post status-publish format-standard has-post-thumbnail hentry category-news\">\n\t<div class=\"wd-post-inner article-inner\">\n\t\t\t\t\t<div class=\"wd-post-thumb entry-header\">\n\t\t\t\t\t\t\t\t\t<div class=\"wd-post-img post-img-wrapp\">\n\t\t\t\t\t\t<img loading=\"lazy\" decoding=\"async\" width=\"1200\" height=\"675\" src=\"https:\/\/s4ai.rs\/wp-content\/uploads\/2026\/02\/Biznis-razgibavanje.jpg\" class=\"attachment-full size-full\" alt=\"\" srcset=\"https:\/\/s4ai.rs\/wp-content\/uploads\/2026\/02\/Biznis-razgibavanje.jpg 1200w, https:\/\/s4ai.rs\/wp-content\/uploads\/2026\/02\/Biznis-razgibavanje-400x225.jpg 400w, https:\/\/s4ai.rs\/wp-content\/uploads\/2026\/02\/Biznis-razgibavanje-768x432.jpg 768w\" sizes=\"auto, (max-width: 1200px) 100vw, 1200px\" \/>\t\t\t\t\t<\/div>\n\t\t\t\t\t<a class=\"wd-fill\" href=\"https:\/\/s4ai.rs\/en\/business-warm-up-at-stp-cacak-introducing-the-s4ai-hub-for-ai-driven-business-growth\/\"><\/a>\n\t\t\t\t\n\t\t\t\t\t\t\t\t\t\t\t\t<div class=\"wd-post-date wd-style-with-bg\">\n\t\t\t\t<span class=\"post-date-day\">\n\t\t\t\t\t09\t\t\t\t<\/span>\n\t\t\t\t<span class=\"post-date-month\">\n\t\t\t\t\tFeb\t\t\t\t<\/span>\n\t\t\t<\/div>\n\t\t\t\t\t\t\t\t\t<\/div>\n\t\t\n\t\t<div class=\"wd-post-content article-body-container\">\n\t\t\t\n\t\t\t\t\t\t\t<h3 class=\"wd-post-title wd-entities-title title post-title\">\n\t\t\t\t\t<a href=\"https:\/\/s4ai.rs\/en\/business-warm-up-at-stp-cacak-introducing-the-s4ai-hub-for-ai-driven-business-growth\/\" rel=\"bookmark\">\u201cBusiness Warm-up\u201d at STP \u010ca\u010dak: Introducing the S4AI Hub for AI-Driven Business Growth<\/a>\n\t\t\t\t<\/h3>\n\t\t\t\n\t\t\t\n\t\t\t\t\t\t\t\t\t\t\t\t<div class=\"wd-post-excerpt entry-content\">\n\t\t\t\t\t\tThe \u201cBusiness Warm-up\u201d event was held at the Science and Technology Park \u010ca\u010dak, dedicated to strengthening capacities and developing th...\t\t\t\t\t<\/div>\n\t\t\t\t\n\t\t\t\t\t\t\t\t\t<\/div>\n\t<\/div>\n<\/article>\n\n\n<article id=\"post-10024\" class=\"wd-post blog-design-chess blog-post-loop blog-design-small-images blog-style-bg wd-add-shadow wd-col post-10024 post type-post status-publish format-standard has-post-thumbnail hentry category-news\">\n\t<div class=\"wd-post-inner article-inner\">\n\t\t\t\t\t<div class=\"wd-post-thumb entry-header\">\n\t\t\t\t\t\t\t\t\t<div class=\"wd-post-img post-img-wrapp\">\n\t\t\t\t\t\t<img loading=\"lazy\" decoding=\"async\" width=\"1200\" height=\"675\" src=\"https:\/\/s4ai.rs\/wp-content\/uploads\/2026\/01\/train-the-trainers.jpg\" class=\"attachment-full size-full\" alt=\"\" srcset=\"https:\/\/s4ai.rs\/wp-content\/uploads\/2026\/01\/train-the-trainers.jpg 1200w, https:\/\/s4ai.rs\/wp-content\/uploads\/2026\/01\/train-the-trainers-400x225.jpg 400w, https:\/\/s4ai.rs\/wp-content\/uploads\/2026\/01\/train-the-trainers-768x432.jpg 768w\" sizes=\"auto, (max-width: 1200px) 100vw, 1200px\" \/>\t\t\t\t\t<\/div>\n\t\t\t\t\t<a class=\"wd-fill\" href=\"https:\/\/s4ai.rs\/en\/train-the-trainers-workshop-held-at-the-digital-transformation-center\/\"><\/a>\n\t\t\t\t\n\t\t\t\t\t\t\t\t\t\t\t\t<div class=\"wd-post-date wd-style-with-bg\">\n\t\t\t\t<span class=\"post-date-day\">\n\t\t\t\t\t30\t\t\t\t<\/span>\n\t\t\t\t<span class=\"post-date-month\">\n\t\t\t\t\tJan\t\t\t\t<\/span>\n\t\t\t<\/div>\n\t\t\t\t\t\t\t\t\t<\/div>\n\t\t\n\t\t<div class=\"wd-post-content article-body-container\">\n\t\t\t\n\t\t\t\t\t\t\t<h3 class=\"wd-post-title wd-entities-title title post-title\">\n\t\t\t\t\t<a href=\"https:\/\/s4ai.rs\/en\/train-the-trainers-workshop-held-at-the-digital-transformation-center\/\" rel=\"bookmark\">\u201cTrain the Trainers\u201d Workshop Held at the Digital Transformation Center<\/a>\n\t\t\t\t<\/h3>\n\t\t\t\n\t\t\t\n\t\t\t\t\t\t\t\t\t\t\t\t<div class=\"wd-post-excerpt entry-content\">\n\t\t\t\t\t\tOn January 28, the Digital Transformation Center hosted a \u201cTrain the Trainers\u201d workshop aimed at strengthening the capacities of future...\t\t\t\t\t<\/div>\n\t\t\t\t\n\t\t\t\t\t\t\t\t\t<\/div>\n\t<\/div>\n<\/article>\n\n\n<article id=\"post-10015\" class=\"wd-post blog-design-chess blog-post-loop blog-design-small-images blog-style-bg wd-add-shadow wd-col post-10015 post type-post status-publish format-standard has-post-thumbnail hentry category-news\">\n\t<div class=\"wd-post-inner article-inner\">\n\t\t\t\t\t<div class=\"wd-post-thumb entry-header\">\n\t\t\t\t\t\t\t\t\t<div class=\"wd-post-img post-img-wrapp\">\n\t\t\t\t\t\t<img loading=\"lazy\" decoding=\"async\" width=\"1200\" height=\"675\" src=\"https:\/\/s4ai.rs\/wp-content\/uploads\/2025\/12\/web-eng.jpg\" class=\"attachment-full size-full\" alt=\"\" srcset=\"https:\/\/s4ai.rs\/wp-content\/uploads\/2025\/12\/web-eng.jpg 1200w, https:\/\/s4ai.rs\/wp-content\/uploads\/2025\/12\/web-eng-400x225.jpg 400w, https:\/\/s4ai.rs\/wp-content\/uploads\/2025\/12\/web-eng-768x432.jpg 768w\" sizes=\"auto, (max-width: 1200px) 100vw, 1200px\" \/>\t\t\t\t\t<\/div>\n\t\t\t\t\t<a class=\"wd-fill\" href=\"https:\/\/s4ai.rs\/en\/60-companies-applied-for-the-innovation-camp-what-comes-next-after-the-application\/\"><\/a>\n\t\t\t\t\n\t\t\t\t\t\t\t\t\t\t\t\t<div class=\"wd-post-date wd-style-with-bg\">\n\t\t\t\t<span class=\"post-date-day\">\n\t\t\t\t\t16\t\t\t\t<\/span>\n\t\t\t\t<span class=\"post-date-month\">\n\t\t\t\t\tDec\t\t\t\t<\/span>\n\t\t\t<\/div>\n\t\t\t\t\t\t\t\t\t<\/div>\n\t\t\n\t\t<div class=\"wd-post-content article-body-container\">\n\t\t\t\n\t\t\t\t\t\t\t<h3 class=\"wd-post-title wd-entities-title title post-title\">\n\t\t\t\t\t<a href=\"https:\/\/s4ai.rs\/en\/60-companies-applied-for-the-innovation-camp-what-comes-next-after-the-application\/\" rel=\"bookmark\">60 Companies Applied for the Innovation Camp \u2013 What Comes Next After the Application?<\/a>\n\t\t\t\t<\/h3>\n\t\t\t\n\t\t\t\n\t\t\t\t\t\t\t\t\t\t\t\t<div class=\"wd-post-excerpt entry-content\">\n\t\t\t\t\t\tA total of 60 applications from across Serbia were submitted to the public call \u201cInnovation Camp for Digital Transformation,\u201d implement...\t\t\t\t\t<\/div>\n\t\t\t\t\n\t\t\t\t\t\t\t\t\t<\/div>\n\t<\/div>\n<\/article>\n\n\n<article id=\"post-9969\" class=\"wd-post blog-design-chess blog-post-loop blog-design-small-images blog-style-bg wd-add-shadow wd-col post-9969 post type-post status-publish format-standard has-post-thumbnail hentry category-news\">\n\t<div class=\"wd-post-inner article-inner\">\n\t\t\t\t\t<div class=\"wd-post-thumb entry-header\">\n\t\t\t\t\t\t\t\t\t<div class=\"wd-post-img post-img-wrapp\">\n\t\t\t\t\t\t<img loading=\"lazy\" decoding=\"async\" width=\"1920\" height=\"1280\" src=\"https:\/\/s4ai.rs\/wp-content\/uploads\/2025\/02\/vest01.jpg\" class=\"attachment-full size-full\" alt=\"\" srcset=\"https:\/\/s4ai.rs\/wp-content\/uploads\/2025\/02\/vest01.jpg 1920w, https:\/\/s4ai.rs\/wp-content\/uploads\/2025\/02\/vest01-400x267.jpg 400w, https:\/\/s4ai.rs\/wp-content\/uploads\/2025\/02\/vest01-1200x800.jpg 1200w, https:\/\/s4ai.rs\/wp-content\/uploads\/2025\/02\/vest01-768x512.jpg 768w, https:\/\/s4ai.rs\/wp-content\/uploads\/2025\/02\/vest01-1536x1024.jpg 1536w, https:\/\/s4ai.rs\/wp-content\/uploads\/2025\/02\/vest01-430x287.jpg 430w, https:\/\/s4ai.rs\/wp-content\/uploads\/2025\/02\/vest01-700x467.jpg 700w, https:\/\/s4ai.rs\/wp-content\/uploads\/2025\/02\/vest01-150x100.jpg 150w\" sizes=\"auto, (max-width: 1920px) 100vw, 1920px\" \/>\t\t\t\t\t<\/div>\n\t\t\t\t\t<a class=\"wd-fill\" href=\"https:\/\/s4ai.rs\/en\/stp-nis-begins-implementation-of-a-project-worth-1-7-million-euros-within-the-digital-europe-program\/\"><\/a>\n\t\t\t\t\n\t\t\t\t\t\t\t\t\t\t\t\t<div class=\"wd-post-date wd-style-with-bg\">\n\t\t\t\t<span class=\"post-date-day\">\n\t\t\t\t\t13\t\t\t\t<\/span>\n\t\t\t\t<span class=\"post-date-month\">\n\t\t\t\t\tOct\t\t\t\t<\/span>\n\t\t\t<\/div>\n\t\t\t\t\t\t\t\t\t<\/div>\n\t\t\n\t\t<div class=\"wd-post-content article-body-container\">\n\t\t\t\n\t\t\t\t\t\t\t<h3 class=\"wd-post-title wd-entities-title title post-title\">\n\t\t\t\t\t<a href=\"https:\/\/s4ai.rs\/en\/stp-nis-begins-implementation-of-a-project-worth-1-7-million-euros-within-the-digital-europe-program\/\" rel=\"bookmark\">STP Ni\u0161 Begins Implementation of a Project Worth 1.7 Million Euros within the Digital Europe Program<\/a>\n\t\t\t\t<\/h3>\n\t\t\t\n\t\t\t\n\t\t\t\t\t\t\t\t\t\t\t\t<div class=\"wd-post-excerpt entry-content\">\n\t\t\t\t\t\t\u041d\u0430\u0443\u0447\u043d\u043e-\u0442\u0435\u0445\u043d\u043e\u043b\u043e\u0448\u043a\u0438 \u043f\u0430\u0440\u043a \u041d\u0438\u0448 \u043f\u0440\u0435\u0434\u0441\u0442\u0430\u0432\u0438\u043e \u0458\u0435 \u043d\u043e\u0432\u0438 \u0447\u0435\u0442\u0432\u043e\u0440\u043e\u0433\u043e\u0434\u0438\u0448\u045a\u0438 \u043f\u0440\u043e\u0458\u0435\u043a\u0430\u0442 Serbian European Digital Innovation Hub on AI \u2013 S4AI_HUB, \u043a\u043e\u0458\u0438 \u045b\u0435 \u0431\u0438\u0442\u0438 \u0440\u0435\u0430\u043b\u0438\u0437\u043e\u0432\u0430\u043d \u0443 \u0441\u0430\u0440\u0430\u0434\u045a\u0438 \u0441\u0430 22 \u043a\u0459\u0443\u0447\u043d\u0430 \u043f\u0430\u0440\u0442\u043d\u0435\u0440\u0430 \u0438\u0437 \u0440\u0430\u0437\u043b\u0438\u0447\u0438\u0442\u0438\u0445 \u0438\u043d\u0441\u0442\u0438\u0442\u0443\u0446\u0438\u0458\u0430 \u0443 \u0421\u0440\u0431\u0438\u0458\u0438.\t\t\t\t\t<\/div>\n\t\t\t\t\n\t\t\t\t\t\t\t\t\t<\/div>\n\t<\/div>\n<\/article>\n\n\n<article id=\"post-9967\" class=\"wd-post blog-design-chess blog-post-loop blog-design-small-images blog-style-bg wd-add-shadow wd-col post-9967 post type-post status-publish format-standard has-post-thumbnail hentry category-news\">\n\t<div class=\"wd-post-inner article-inner\">\n\t\t\t\t\t<div class=\"wd-post-thumb entry-header\">\n\t\t\t\t\t\t\t\t\t<div class=\"wd-post-img post-img-wrapp\">\n\t\t\t\t\t\t<img loading=\"lazy\" decoding=\"async\" width=\"1000\" height=\"563\" src=\"https:\/\/s4ai.rs\/wp-content\/uploads\/2025\/04\/vest01.jpg\" class=\"attachment-full size-full\" alt=\"\" srcset=\"https:\/\/s4ai.rs\/wp-content\/uploads\/2025\/04\/vest01.jpg 1000w, https:\/\/s4ai.rs\/wp-content\/uploads\/2025\/04\/vest01-400x225.jpg 400w, https:\/\/s4ai.rs\/wp-content\/uploads\/2025\/04\/vest01-768x432.jpg 768w, https:\/\/s4ai.rs\/wp-content\/uploads\/2025\/04\/vest01-430x242.jpg 430w, https:\/\/s4ai.rs\/wp-content\/uploads\/2025\/04\/vest01-700x394.jpg 700w, https:\/\/s4ai.rs\/wp-content\/uploads\/2025\/04\/vest01-150x84.jpg 150w\" sizes=\"auto, (max-width: 1000px) 100vw, 1000px\" \/>\t\t\t\t\t<\/div>\n\t\t\t\t\t<a class=\"wd-fill\" href=\"https:\/\/s4ai.rs\/en\/the-first-public-call-for-participation-in-the-launcher-program-has-been-opened-within-s4ai_hub\/\"><\/a>\n\t\t\t\t\n\t\t\t\t\t\t\t\t\t\t\t\t<div class=\"wd-post-date wd-style-with-bg\">\n\t\t\t\t<span class=\"post-date-day\">\n\t\t\t\t\t13\t\t\t\t<\/span>\n\t\t\t\t<span class=\"post-date-month\">\n\t\t\t\t\tOct\t\t\t\t<\/span>\n\t\t\t<\/div>\n\t\t\t\t\t\t\t\t\t<\/div>\n\t\t\n\t\t<div class=\"wd-post-content article-body-container\">\n\t\t\t\n\t\t\t\t\t\t\t<h3 class=\"wd-post-title wd-entities-title title post-title\">\n\t\t\t\t\t<a href=\"https:\/\/s4ai.rs\/en\/the-first-public-call-for-participation-in-the-launcher-program-has-been-opened-within-s4ai_hub\/\" rel=\"bookmark\">The First Public Call for Participation in the Launcher Program has been Opened within S4AI_HUB<\/a>\n\t\t\t\t<\/h3>\n\t\t\t\n\t\t\t\n\t\t\t\t\t\t\t\t\t\t\t\t<div class=\"wd-post-excerpt entry-content\">\n\t\t\t\t\t\tSerbian European Digital Innovation Hub on AI \u2013 S4AI_HUB, u okviru svojih aktivnosti, objavljuje prvi javni poziv za u\u010de\u0161\u0107e u Launcher programu namenjenog startapima u ranoj fazi razvoja.\t\t\t\t\t<\/div>\n\t\t\t\t\n\t\t\t\t\t\t\t\t\t<\/div>\n\t<\/div>\n<\/article>\n\n\n<article id=\"post-9965\" class=\"wd-post blog-design-chess blog-post-loop blog-design-small-images blog-style-bg wd-add-shadow wd-col post-9965 post type-post status-publish format-standard has-post-thumbnail hentry category-news\">\n\t<div class=\"wd-post-inner article-inner\">\n\t\t\t\t\t<div class=\"wd-post-thumb entry-header\">\n\t\t\t\t\t\t\t\t\t<div class=\"wd-post-img post-img-wrapp\">\n\t\t\t\t\t\t<img loading=\"lazy\" decoding=\"async\" width=\"1000\" height=\"563\" src=\"https:\/\/s4ai.rs\/wp-content\/uploads\/2025\/10\/01.jpg\" class=\"attachment-full size-full\" alt=\"\" srcset=\"https:\/\/s4ai.rs\/wp-content\/uploads\/2025\/10\/01.jpg 1000w, https:\/\/s4ai.rs\/wp-content\/uploads\/2025\/10\/01-400x225.jpg 400w, https:\/\/s4ai.rs\/wp-content\/uploads\/2025\/10\/01-768x432.jpg 768w, https:\/\/s4ai.rs\/wp-content\/uploads\/2025\/10\/01-430x242.jpg 430w, https:\/\/s4ai.rs\/wp-content\/uploads\/2025\/10\/01-700x394.jpg 700w, https:\/\/s4ai.rs\/wp-content\/uploads\/2025\/10\/01-150x84.jpg 150w\" sizes=\"auto, (max-width: 1000px) 100vw, 1000px\" \/>\t\t\t\t\t<\/div>\n\t\t\t\t\t<a class=\"wd-fill\" href=\"https:\/\/s4ai.rs\/en\/stp-nis-strengthens-regional-cooperation-through-the-s4ai-hub-at-the-western-balkans-digital-summit-2025-in-skopje\/\"><\/a>\n\t\t\t\t\n\t\t\t\t\t\t\t\t\t\t\t\t<div class=\"wd-post-date wd-style-with-bg\">\n\t\t\t\t<span class=\"post-date-day\">\n\t\t\t\t\t13\t\t\t\t<\/span>\n\t\t\t\t<span class=\"post-date-month\">\n\t\t\t\t\tOct\t\t\t\t<\/span>\n\t\t\t<\/div>\n\t\t\t\t\t\t\t\t\t<\/div>\n\t\t\n\t\t<div class=\"wd-post-content article-body-container\">\n\t\t\t\n\t\t\t\t\t\t\t<h3 class=\"wd-post-title wd-entities-title title post-title\">\n\t\t\t\t\t<a href=\"https:\/\/s4ai.rs\/en\/stp-nis-strengthens-regional-cooperation-through-the-s4ai-hub-at-the-western-balkans-digital-summit-2025-in-skopje\/\" rel=\"bookmark\">STP Ni\u0161 Strengthens Regional Cooperation through the S4AI Hub at the Western Balkans Digital Summit 2025 in Skopje<\/a>\n\t\t\t\t<\/h3>\n\t\t\t\n\t\t\t\n\t\t\t\t\t\t\t\t\t\t\t\t<div class=\"wd-post-excerpt entry-content\">\n\t\t\t\t\t\tNa nedavno odr\u017eanom Samitu digitalnog zapada Balkana 2025 u Skoplju, Nau\u010dno-tehnolo\u0161ki park Ni\u0161, kao koordinator Srpskog evropskog digitalnog inovacionog haba za ve\u0161ta\u010dku inteligenciju (S4AI Hub), aktivno je u\u010destvovao u nizu zna\u010dajnih regionalnih doga\u0111aja.\t\t\t\t\t<\/div>\n\t\t\t\t\n\t\t\t\t\t\t\t\t\t<\/div>\n\t<\/div>\n<\/article>\n\n\n<article id=\"post-9961\" class=\"wd-post blog-design-chess blog-post-loop blog-design-small-images blog-style-bg wd-add-shadow wd-col post-9961 post type-post status-publish format-standard has-post-thumbnail hentry category-news\">\n\t<div class=\"wd-post-inner article-inner\">\n\t\t\t\t\t<div class=\"wd-post-thumb entry-header\">\n\t\t\t\t\t\t\t\t\t<div class=\"wd-post-img post-img-wrapp\">\n\t\t\t\t\t\t<img loading=\"lazy\" decoding=\"async\" width=\"1000\" height=\"563\" src=\"https:\/\/s4ai.rs\/wp-content\/uploads\/2025\/10\/02.jpg\" class=\"attachment-full size-full\" alt=\"\" srcset=\"https:\/\/s4ai.rs\/wp-content\/uploads\/2025\/10\/02.jpg 1000w, https:\/\/s4ai.rs\/wp-content\/uploads\/2025\/10\/02-400x225.jpg 400w, https:\/\/s4ai.rs\/wp-content\/uploads\/2025\/10\/02-768x432.jpg 768w, https:\/\/s4ai.rs\/wp-content\/uploads\/2025\/10\/02-430x242.jpg 430w, https:\/\/s4ai.rs\/wp-content\/uploads\/2025\/10\/02-700x394.jpg 700w, https:\/\/s4ai.rs\/wp-content\/uploads\/2025\/10\/02-150x84.jpg 150w\" sizes=\"auto, (max-width: 1000px) 100vw, 1000px\" \/>\t\t\t\t\t<\/div>\n\t\t\t\t\t<a class=\"wd-fill\" href=\"https:\/\/s4ai.rs\/en\/s4ai-hub-at-the-western-balkans-digital-summit-2025-in-skopje\/\"><\/a>\n\t\t\t\t\n\t\t\t\t\t\t\t\t\t\t\t\t<div class=\"wd-post-date wd-style-with-bg\">\n\t\t\t\t<span class=\"post-date-day\">\n\t\t\t\t\t13\t\t\t\t<\/span>\n\t\t\t\t<span class=\"post-date-month\">\n\t\t\t\t\tOct\t\t\t\t<\/span>\n\t\t\t<\/div>\n\t\t\t\t\t\t\t\t\t<\/div>\n\t\t\n\t\t<div class=\"wd-post-content article-body-container\">\n\t\t\t\n\t\t\t\t\t\t\t<h3 class=\"wd-post-title wd-entities-title title post-title\">\n\t\t\t\t\t<a href=\"https:\/\/s4ai.rs\/en\/s4ai-hub-at-the-western-balkans-digital-summit-2025-in-skopje\/\" rel=\"bookmark\">S4AI Hub at the Western Balkans Digital Summit 2025 in Skopje<\/a>\n\t\t\t\t<\/h3>\n\t\t\t\n\t\t\t\n\t\t\t\t\t\t\t\t\t\t\t\t<div class=\"wd-post-excerpt entry-content\">\n\t\t\t\t\t\tAt the prestigious Western Balkans Digital Summit (WBDS) 2025, held from October 1 to October 2 in the Museum of Contemporary Art in Sk...\t\t\t\t\t<\/div>\n\t\t\t\t\n\t\t\t\t\t\t\t\t\t<\/div>\n\t<\/div>\n<\/article>\n\n\n<article id=\"post-9956\" class=\"wd-post blog-design-chess blog-post-loop blog-design-small-images blog-style-bg wd-add-shadow wd-col post-9956 post type-post status-publish format-standard has-post-thumbnail hentry category-news\">\n\t<div class=\"wd-post-inner article-inner\">\n\t\t\t\t\t<div class=\"wd-post-thumb entry-header\">\n\t\t\t\t\t\t\t\t\t<div class=\"wd-post-img post-img-wrapp\">\n\t\t\t\t\t\t<img loading=\"lazy\" decoding=\"async\" width=\"800\" height=\"450\" src=\"https:\/\/s4ai.rs\/wp-content\/uploads\/2025\/10\/info-dan-800x450-1.png\" class=\"attachment-full size-full\" alt=\"\" srcset=\"https:\/\/s4ai.rs\/wp-content\/uploads\/2025\/10\/info-dan-800x450-1.png 800w, https:\/\/s4ai.rs\/wp-content\/uploads\/2025\/10\/info-dan-800x450-1-400x225.png 400w, https:\/\/s4ai.rs\/wp-content\/uploads\/2025\/10\/info-dan-800x450-1-768x432.png 768w, https:\/\/s4ai.rs\/wp-content\/uploads\/2025\/10\/info-dan-800x450-1-430x242.png 430w, https:\/\/s4ai.rs\/wp-content\/uploads\/2025\/10\/info-dan-800x450-1-700x394.png 700w, https:\/\/s4ai.rs\/wp-content\/uploads\/2025\/10\/info-dan-800x450-1-150x84.png 150w\" sizes=\"auto, (max-width: 800px) 100vw, 800px\" \/>\t\t\t\t\t<\/div>\n\t\t\t\t\t<a class=\"wd-fill\" href=\"https:\/\/s4ai.rs\/en\/info-day-s4ai-hub\/\"><\/a>\n\t\t\t\t\n\t\t\t\t\t\t\t\t\t\t\t\t<div class=\"wd-post-date wd-style-with-bg\">\n\t\t\t\t<span class=\"post-date-day\">\n\t\t\t\t\t10\t\t\t\t<\/span>\n\t\t\t\t<span class=\"post-date-month\">\n\t\t\t\t\tOct\t\t\t\t<\/span>\n\t\t\t<\/div>\n\t\t\t\t\t\t\t\t\t<\/div>\n\t\t\n\t\t<div class=\"wd-post-content article-body-container\">\n\t\t\t\n\t\t\t\t\t\t\t<h3 class=\"wd-post-title wd-entities-title title post-title\">\n\t\t\t\t\t<a href=\"https:\/\/s4ai.rs\/en\/info-day-s4ai-hub\/\" rel=\"bookmark\">Info Day: S4AI Hub \u2013 Opportunities for Digital Transformation of SMEs<\/a>\n\t\t\t\t<\/h3>\n\t\t\t\n\t\t\t\n\t\t\t\t\t\t\t\t\t\t\t\t<div class=\"wd-post-excerpt entry-content\">\n\t\t\t\t\t\tOn Wednesday, October 15th at 11 AM, the Science and Technology Park Ni\u0161 will host the Info Day of the S4AI Hub \u2013 Serbian European Digi...\t\t\t\t\t<\/div>\n\t\t\t\t\n\t\t\t\t\t\t\t\t\t<\/div>\n\t<\/div>\n<\/article>\n\n<\/div><\/div>[\/vc_column][\/vc_row]<\/p>\n<\/div>","protected":false},"excerpt":{"rendered":"<p>[vc_row][vc_column][\/vc_column][\/vc_row]<\/p>\n","protected":false},"author":5,"featured_media":0,"parent":0,"menu_order":0,"comment_status":"closed","ping_status":"closed","template":"","meta":{"footnotes":""},"class_list":["post-9849","page","type-page","status-publish","hentry"],"_links":{"self":[{"href":"https:\/\/s4ai.rs\/en\/wp-json\/wp\/v2\/pages\/9849","targetHints":{"allow":["GET"]}}],"collection":[{"href":"https:\/\/s4ai.rs\/en\/wp-json\/wp\/v2\/pages"}],"about":[{"href":"https:\/\/s4ai.rs\/en\/wp-json\/wp\/v2\/types\/page"}],"author":[{"embeddable":true,"href":"https:\/\/s4ai.rs\/en\/wp-json\/wp\/v2\/users\/5"}],"replies":[{"embeddable":true,"href":"https:\/\/s4ai.rs\/en\/wp-json\/wp\/v2\/comments?post=9849"}],"version-history":[{"count":1,"href":"https:\/\/s4ai.rs\/en\/wp-json\/wp\/v2\/pages\/9849\/revisions"}],"predecessor-version":[{"id":9850,"href":"https:\/\/s4ai.rs\/en\/wp-json\/wp\/v2\/pages\/9849\/revisions\/9850"}],"wp:attachment":[{"href":"https:\/\/s4ai.rs\/en\/wp-json\/wp\/v2\/media?parent=9849"}],"curies":[{"name":"wp","href":"https:\/\/api.w.org\/{rel}","templated":true}]}}